{"version":"1.0","provider_name":"KalajaRetkeily","provider_url":"https:\/\/kalajaretkeily.fi\/fi","author_name":"admin","author_url":"https:\/\/kalajaretkeily.fi\/fi\/author\/kalaja2\/","title":"Lumikenkien ja liukulumikenkien vuokraus - KalajaRetkeily","type":"rich","width":600,"height":338,"html":"<blockquote class=\"wp-embedded-content\" data-secret=\"TinKmXJpom\"><a href=\"https:\/\/kalajaretkeily.fi\/fi\/lumikenkien-ja-liukulumikenkien-vuokraus\/\">Lumikenkien ja liukulumikenkien vuokraus<\/a><\/blockquote><iframe sandbox=\"allow-scripts\" security=\"restricted\" src=\"https:\/\/kalajaretkeily.fi\/fi\/lumikenkien-ja-liukulumikenkien-vuokraus\/embed\/#?secret=TinKmXJpom\" width=\"600\" height=\"338\" title=\"&#8221;Lumikenkien ja liukulumikenkien vuokraus&#8221; &#8212; KalajaRetkeily\" data-secret=\"TinKmXJpom\" frameborder=\"0\" marginwidth=\"0\" marginheight=\"0\" scrolling=\"no\" class=\"wp-embedded-content\"><\/iframe><script>\n\/*! This file is auto-generated *\/\n!function(d,l){\"use strict\";l.querySelector&&d.addEventListener&&\"undefined\"!=typeof URL&&(d.wp=d.wp||{},d.wp.receiveEmbedMessage||(d.wp.receiveEmbedMessage=function(e){var t=e.data;if((t||t.secret||t.message||t.value)&&!\/[^a-zA-Z0-9]\/.test(t.secret)){for(var s,r,n,a=l.querySelectorAll('iframe[data-secret=\"'+t.secret+'\"]'),o=l.querySelectorAll('blockquote[data-secret=\"'+t.secret+'\"]'),c=new RegExp(\"^https?:$\",\"i\"),i=0;i<o.length;i++)o[i].style.display=\"none\";for(i=0;i<a.length;i++)s=a[i],e.source===s.contentWindow&&(s.removeAttribute(\"style\"),\"height\"===t.message?(1e3<(r=parseInt(t.value,10))?r=1e3:~~r<200&&(r=200),s.height=r):\"link\"===t.message&&(r=new URL(s.getAttribute(\"src\")),n=new URL(t.value),c.test(n.protocol))&&n.host===r.host&&l.activeElement===s&&(d.top.location.href=t.value))}},d.addEventListener(\"message\",d.wp.receiveEmbedMessage,!1),l.addEventListener(\"DOMContentLoaded\",function(){for(var e,t,s=l.querySelectorAll(\"iframe.wp-embedded-content\"),r=0;r<s.length;r++)(t=(e=s[r]).getAttribute(\"data-secret\"))||(t=Math.random().toString(36).substring(2,12),e.src+=\"#?secret=\"+t,e.setAttribute(\"data-secret\",t)),e.contentWindow.postMessage({message:\"ready\",secret:t},\"*\")},!1)))}(window,document);\n\/\/# sourceURL=https:\/\/kalajaretkeily.fi\/fi\/wp-includes\/js\/wp-embed.min.js\n<\/script>\n","description":"Lumikenkien ja liukulumikenkien vuokraus on toistaiseksi tauolla ja ovat k\u00e4yt\u00f6ss\u00e4 Ulkoilma Akatemian toiminnassa. Satunnaisille p\u00e4iville voi l\u00f6yty v\u00e4lineit\u00e4, v\u00e4lineet sijaitsevat t\u00e4ll\u00e4 hetkell\u00e4 Jyv\u00e4skyl\u00e4ss\u00e4. Kysy lis\u00e4\u00e4 tarvittaessa! Vuokraaminen tapahtuu t\u00e4m\u00e4n nettisivun kautta. Vuokralle saatavilla my\u00f6s lasten lumikenki\u00e4. Jokaisella tuotteella on oma varauskalenteri vuokrattavan tuotteen yhteydess\u00e4. Varauskalenterista valitse ajankohta ja n\u00e4et onko tuotetta vuokrattavissa kyseisen\u00e4 ajankohtana. Lumikenkien [&hellip;]","thumbnail_url":"https:\/\/kalajaretkeily.fi\/fi\/wp-content\/uploads\/2023\/02\/liukulumikenka-retki-3-1024x768.jpg"}